{"id":2,"date":"2025-08-01T01:51:40","date_gmt":"2025-08-01T01:51:40","guid":{"rendered":"https:\/\/somos-hermanos.mx\/?page_id=2"},"modified":"2026-09-01T13:21:45","modified_gmt":"2026-09-01T19:21:45","slug":"sample-page","status":"publish","type":"page","link":"https:\/\/somos-hermanos.mx\/index.php\/sample-page\/","title":{"rendered":"LUY caricaturista"},"content":{"rendered":"<p><img loading=\"lazy\" decoding=\"async\" class=\"alignnone size-medium wp-image-4335\" src=\"https:\/\/somos-hermanos.mx\/wp-content\/uploads\/2026\/09\/WhatsApp-Image-2026-09-01-at-11.46.34-AM-197x300.jpeg\" alt=\"\" width=\"197\" height=\"300\" srcset=\"https:\/\/somos-hermanos.mx\/wp-content\/uploads\/2026\/09\/WhatsApp-Image-2026-09-01-at-11.46.34-AM-197x300.jpeg 197w, https:\/\/somos-hermanos.mx\/wp-content\/uploads\/2026\/09\/WhatsApp-Image-2026-09-01-at-11.46.34-AM-671x1024.jpeg 671w, https:\/\/somos-hermanos.mx\/wp-content\/uploads\/2026\/09\/WhatsApp-Image-2026-09-01-at-11.46.34-AM-768x1172.jpeg 768w, https:\/\/somos-hermanos.mx\/wp-content\/uploads\/2026\/09\/WhatsApp-Image-2026-09-01-at-11.46.34-AM-1007x1536.jpeg 1007w, https:\/\/somos-hermanos.mx\/wp-content\/uploads\/2026\/09\/WhatsApp-Image-2026-09-01-at-11.46.34-AM.jpeg 1036w\" sizes=\"auto, (max-width: 197px) 100vw, 197px\" \/><\/p>\n<p>En el mes de la patria el grito por nuestra naci\u00f3n se pone muy en lo alto, La boca abierta de los mexicanos expresa en su interior el amor por nuestra bandera y frente a ella suena la campana de la Libertad<\/p>\n<p><img loading=\"lazy\" decoding=\"async\" class=\"alignnone size-medium wp-image-4288\" src=\"https:\/\/somos-hermanos.mx\/wp-content\/uploads\/2026\/08\/WhatsApp-Image-2026-08-19-at-3.07.11-PM-200x300.jpeg\" alt=\"\" width=\"200\" height=\"300\" srcset=\"https:\/\/somos-hermanos.mx\/wp-content\/uploads\/2026\/08\/WhatsApp-Image-2026-08-19-at-3.07.11-PM-200x300.jpeg 200w, https:\/\/somos-hermanos.mx\/wp-content\/uploads\/2026\/08\/WhatsApp-Image-2026-08-19-at-3.07.11-PM-681x1024.jpeg 681w, https:\/\/somos-hermanos.mx\/wp-content\/uploads\/2026\/08\/WhatsApp-Image-2026-08-19-at-3.07.11-PM-768x1155.jpeg 768w, https:\/\/somos-hermanos.mx\/wp-content\/uploads\/2026\/08\/WhatsApp-Image-2026-08-19-at-3.07.11-PM.jpeg 810w\" sizes=\"auto, (max-width: 200px) 100vw, 200px\" \/><\/p>\n<p>Hoy en dia las guerras en el mundo se han prolongado m\u00e1s all\u00e1 de lo que muchos consideraban. Y el clamor por la paz se incrementa d\u00eda con d\u00eda.<\/p>\n<p>En la imagen un ni\u00f1o coloca un clavo para fijar la imagen de la paloma de la paz , y simult\u00e1neamente con la punta del clavo, del otro lado del muro, pretende derribar al soldado que simboliza las guerras.<\/p>\n<p><img loading=\"lazy\" decoding=\"async\" class=\"alignnone size-medium wp-image-4153\" src=\"https:\/\/somos-hermanos.mx\/wp-content\/uploads\/2026\/07\/WhatsApp-Image-2026-07-21-at-12.22.18-PM-210x300.jpeg\" alt=\"\" width=\"210\" height=\"300\" srcset=\"https:\/\/somos-hermanos.mx\/wp-content\/uploads\/2026\/07\/WhatsApp-Image-2026-07-21-at-12.22.18-PM-210x300.jpeg 210w, https:\/\/somos-hermanos.mx\/wp-content\/uploads\/2026\/07\/WhatsApp-Image-2026-07-21-at-12.22.18-PM-715x1024.jpeg 715w, https:\/\/somos-hermanos.mx\/wp-content\/uploads\/2026\/07\/WhatsApp-Image-2026-07-21-at-12.22.18-PM.jpeg 762w\" sizes=\"auto, (max-width: 210px) 100vw, 210px\" \/><\/p>\n<p><em><span style=\"font-size: 11.0pt; font-family: 'Arial',sans-serif; color: black;\">La uni\u00f3n hace la patria.<\/span><\/em><\/p>\n<p><span style=\"font-size: 11.0pt; font-family: 'Arial',sans-serif; color: black;\">En este extraordinario cart\u00f3n de LUY, el escudo nacional se transforma en una paloma de la paz sostenida por m\u00faltiples manos, record\u00e1ndonos que la armon\u00eda no llega sola: se construye colectivamente. La obra nos invita a reflexionar sobre el poder de la cohesi\u00f3n social y la importancia de dejar a un lado las diferencias para edificar un M\u00e9xico m\u00e1s justo, luminoso y en paz.<\/span><\/p>\n<p><img loading=\"lazy\" decoding=\"async\" class=\"alignnone size-medium wp-image-3884\" src=\"https:\/\/somos-hermanos.mx\/wp-content\/uploads\/2026\/06\/WhatsApp-Image-2026-06-15-at-1.10.11-PM-300x261.jpeg\" alt=\"\" width=\"300\" height=\"261\" srcset=\"https:\/\/somos-hermanos.mx\/wp-content\/uploads\/2026\/06\/WhatsApp-Image-2026-06-15-at-1.10.11-PM-300x261.jpeg 300w, https:\/\/somos-hermanos.mx\/wp-content\/uploads\/2026\/06\/WhatsApp-Image-2026-06-15-at-1.10.11-PM-1024x892.jpeg 1024w, https:\/\/somos-hermanos.mx\/wp-content\/uploads\/2026\/06\/WhatsApp-Image-2026-06-15-at-1.10.11-PM-768x669.jpeg 768w, https:\/\/somos-hermanos.mx\/wp-content\/uploads\/2026\/06\/WhatsApp-Image-2026-06-15-at-1.10.11-PM-1536x1338.jpeg 1536w, https:\/\/somos-hermanos.mx\/wp-content\/uploads\/2026\/06\/WhatsApp-Image-2026-06-15-at-1.10.11-PM.jpeg 1600w\" sizes=\"auto, (max-width: 300px) 100vw, 300px\" \/><\/p>\n<p>El mejor regalo para pap\u00e1<\/p>\n<p>En este D\u00eda del Padre, el maestro LUY nos recuerda que los regalos m\u00e1s valiosos no se compran: nacen del amor y el agradecimiento.<\/p>\n<p>Con una emotiva caricatura, nos invita a reconocer que un abrazo, una palabra sincera o un gesto de cari\u00f1o pueden significar mucho m\u00e1s que cualquier obsequio material.<\/p>\n<p>Porque el mejor regalo que un hijo puede dar siempre viene directo del coraz\u00f3n.<\/p>\n<p><img loading=\"lazy\" decoding=\"async\" class=\"alignnone size-medium wp-image-3687\" src=\"https:\/\/somos-hermanos.mx\/wp-content\/uploads\/2026\/05\/WhatsApp-Image-2026-05-19-at-11.18.49-PM-300x238.jpeg\" alt=\"\" width=\"300\" height=\"238\" srcset=\"https:\/\/somos-hermanos.mx\/wp-content\/uploads\/2026\/05\/WhatsApp-Image-2026-05-19-at-11.18.49-PM-300x238.jpeg 300w, https:\/\/somos-hermanos.mx\/wp-content\/uploads\/2026\/05\/WhatsApp-Image-2026-05-19-at-11.18.49-PM-1024x813.jpeg 1024w, https:\/\/somos-hermanos.mx\/wp-content\/uploads\/2026\/05\/WhatsApp-Image-2026-05-19-at-11.18.49-PM-768x610.jpeg 768w, https:\/\/somos-hermanos.mx\/wp-content\/uploads\/2026\/05\/WhatsApp-Image-2026-05-19-at-11.18.49-PM.jpeg 1213w\" sizes=\"auto, (max-width: 300px) 100vw, 300px\" \/><\/p>\n<p>Una Imagen dice m\u00e1s que mil palabras y este cart\u00f3n va al blanco del sentir del lector al observar la mirada mutua qu\u00e9 nos identifica con nuestras madres y simboliza la grandeza de festejarlas por siempre y para siempre<\/p>\n<div id='gallery-1' class='gallery galleryid-2 gallery-columns-4 gallery-size-thumbnail'><figure class='gallery-item'>\n\t\t\t<div class='gallery-icon portrait'>\n\t\t\t\t<a href='https:\/\/somos-hermanos.mx\/index.php\/sample-page\/mes-del-nino-de-todo-corazon-luy\/'><img loading=\"lazy\" decoding=\"async\" width=\"150\" height=\"150\" src=\"https:\/\/somos-hermanos.mx\/wp-content\/uploads\/2026\/04\/Mes-del-nino-de-todo-corazon-luy-150x150.jpeg\" class=\"attachment-thumbnail size-thumbnail\" alt=\"\" aria-describedby=\"gallery-1-3190\" \/><\/a>\n\t\t\t<\/div>\n\t\t\t\t<figcaption class='wp-caption-text gallery-caption' id='gallery-1-3190'>\n\t\t\t\tAbril: Los ni\u00f1os son todo un amor y en este mes que es su mes les brindamos nuestro cari\u00f1o. Vemos as\u00ed a nuestros peque\u00f1os desplazarse por su mundo sobre llantas de coraz\u00f3n mirando y jugando con el coraz\u00f3n sincero y puro   que los hace latir cada instante.\n\t\t\t\t<\/figcaption><\/figure><figure class='gallery-item'>\n\t\t\t<div class='gallery-icon portrait'>\n\t\t\t\t<a href='https:\/\/somos-hermanos.mx\/index.php\/sample-page\/combate-a-la-contaminacion\/'><img loading=\"lazy\" decoding=\"async\" width=\"150\" height=\"150\" src=\"https:\/\/somos-hermanos.mx\/wp-content\/uploads\/2026\/03\/COMBATE-A-LA-CONTAMINACION-150x150.jpeg\" class=\"attachment-thumbnail size-thumbnail\" alt=\"\" aria-describedby=\"gallery-1-3011\" \/><\/a>\n\t\t\t<\/div>\n\t\t\t\t<figcaption class='wp-caption-text gallery-caption' id='gallery-1-3011'>\n\t\t\t\t\ud83d\udca5Primer tiempo.    El auto expulsa enormes cantidades de humo t\u00f3xico  \ud83d\udca5Segundo tiempo   Ante el gran da\u00f1o su propietario decide eliminarlo  \ud83d\udca5 tercer tiempo   La conciencia ambiental se hace presente al encontrar una opci\u00f3n viable   \ud83d\udca5cuarto tiempo   El automovista con su creatividad convierte el automovil en una saludable bicicleta ecol\u00f3gica\n\t\t\t\t<\/figcaption><\/figure><figure class='gallery-item'>\n\t\t\t<div class='gallery-icon portrait'>\n\t\t\t\t<a href='https:\/\/somos-hermanos.mx\/index.php\/sample-page\/30aniv\/'><img loading=\"lazy\" decoding=\"async\" width=\"150\" height=\"150\" src=\"https:\/\/somos-hermanos.mx\/wp-content\/uploads\/2025\/08\/30Aniv-150x150.jpeg\" class=\"attachment-thumbnail size-thumbnail\" alt=\"\" \/><\/a>\n\t\t\t<\/div><\/figure><figure class='gallery-item'>\n\t\t\t<div class='gallery-icon portrait'>\n\t\t\t\t<a href='https:\/\/somos-hermanos.mx\/index.php\/sample-page\/ahorro\/'><img loading=\"lazy\" decoding=\"async\" width=\"150\" height=\"150\" src=\"https:\/\/somos-hermanos.mx\/wp-content\/uploads\/2025\/08\/Ahorro-150x150.jpeg\" class=\"attachment-thumbnail size-thumbnail\" alt=\"\" \/><\/a>\n\t\t\t<\/div><\/figure><figure class='gallery-item'>\n\t\t\t<div class='gallery-icon portrait'>\n\t\t\t\t<a href='https:\/\/somos-hermanos.mx\/index.php\/sample-page\/luy2\/'><img loading=\"lazy\" decoding=\"async\" width=\"150\" height=\"150\" src=\"https:\/\/somos-hermanos.mx\/wp-content\/uploads\/2025\/08\/LUY2-150x150.jpeg\" class=\"attachment-thumbnail size-thumbnail\" alt=\"\" \/><\/a>\n\t\t\t<\/div><\/figure><figure class='gallery-item'>\n\t\t\t<div class='gallery-icon landscape'>\n\t\t\t\t<a href='https:\/\/somos-hermanos.mx\/index.php\/sample-page\/luy\/'><img loading=\"lazy\" decoding=\"async\" width=\"150\" height=\"150\" src=\"https:\/\/somos-hermanos.mx\/wp-content\/uploads\/2025\/08\/LUY-150x150.jpeg\" class=\"attachment-thumbnail size-thumbnail\" alt=\"\" \/><\/a>\n\t\t\t<\/div><\/figure><figure class='gallery-item'>\n\t\t\t<div class='gallery-icon landscape'>\n\t\t\t\t<a href='https:\/\/somos-hermanos.mx\/index.php\/sample-page\/el-carton-de-luy-jul-24\/'><img loading=\"lazy\" decoding=\"async\" width=\"150\" height=\"150\" src=\"https:\/\/somos-hermanos.mx\/wp-content\/uploads\/2025\/08\/el-carton-de-luy-jul-24-150x150.jpeg\" class=\"attachment-thumbnail size-thumbnail\" alt=\"\" \/><\/a>\n\t\t\t<\/div><\/figure><figure class='gallery-item'>\n\t\t\t<div class='gallery-icon portrait'>\n\t\t\t\t<a href='https:\/\/somos-hermanos.mx\/index.php\/sample-page\/corazonesluy-2\/'><img loading=\"lazy\" decoding=\"async\" width=\"150\" height=\"150\" src=\"https:\/\/somos-hermanos.mx\/wp-content\/uploads\/2025\/08\/corazonesLUY-150x150.jpeg\" class=\"attachment-thumbnail size-thumbnail\" alt=\"\" \/><\/a>\n\t\t\t<\/div><\/figure><figure class='gallery-item'>\n\t\t\t<div class='gallery-icon portrait'>\n\t\t\t\t<a href='https:\/\/somos-hermanos.mx\/index.php\/sample-page\/carton-luy-dic-22-2\/'><img loading=\"lazy\" decoding=\"async\" width=\"150\" height=\"150\" src=\"https:\/\/somos-hermanos.mx\/wp-content\/uploads\/2025\/08\/carton-luy-dic-22-2-150x150.jpeg\" class=\"attachment-thumbnail size-thumbnail\" alt=\"\" \/><\/a>\n\t\t\t<\/div><\/figure><figure class='gallery-item'>\n\t\t\t<div class='gallery-icon portrait'>\n\t\t\t\t<a href='https:\/\/somos-hermanos.mx\/index.php\/sample-page\/carton-de-luy-somos-hermanos-abril23\/'><img loading=\"lazy\" decoding=\"async\" width=\"150\" height=\"150\" src=\"https:\/\/somos-hermanos.mx\/wp-content\/uploads\/2025\/08\/carton-de-luy-somos-hermanos-abril23-150x150.jpeg\" class=\"attachment-thumbnail size-thumbnail\" alt=\"\" \/><\/a>\n\t\t\t<\/div><\/figure><figure class='gallery-item'>\n\t\t\t<div class='gallery-icon portrait'>\n\t\t\t\t<a href='https:\/\/somos-hermanos.mx\/index.php\/sample-page\/carton-de-luy-sh-febrero-2024\/'><img loading=\"lazy\" decoding=\"async\" width=\"150\" height=\"150\" src=\"https:\/\/somos-hermanos.mx\/wp-content\/uploads\/2025\/08\/carton-de-luy-sh-febrero-2024-150x150.jpeg\" class=\"attachment-thumbnail size-thumbnail\" alt=\"\" \/><\/a>\n\t\t\t<\/div><\/figure><figure class='gallery-item'>\n\t\t\t<div class='gallery-icon portrait'>\n\t\t\t\t<a href='https:\/\/somos-hermanos.mx\/index.php\/sample-page\/carton-de-luy-septiembre23\/'><img loading=\"lazy\" decoding=\"async\" width=\"150\" height=\"150\" src=\"https:\/\/somos-hermanos.mx\/wp-content\/uploads\/2025\/08\/carton-de-luy-septiembre23-150x150.jpeg\" class=\"attachment-thumbnail size-thumbnail\" alt=\"\" \/><\/a>\n\t\t\t<\/div><\/figure><figure class='gallery-item'>\n\t\t\t<div class='gallery-icon portrait'>\n\t\t\t\t<a href='https:\/\/somos-hermanos.mx\/index.php\/sample-page\/carton-de-luy-noviembre-sh\/'><img loading=\"lazy\" decoding=\"async\" width=\"150\" height=\"150\" src=\"https:\/\/somos-hermanos.mx\/wp-content\/uploads\/2025\/08\/carton-de-luy-noviembre-sh-150x150.jpeg\" class=\"attachment-thumbnail size-thumbnail\" alt=\"\" \/><\/a>\n\t\t\t<\/div><\/figure><figure class='gallery-item'>\n\t\t\t<div class='gallery-icon landscape'>\n\t\t\t\t<a href='https:\/\/somos-hermanos.mx\/index.php\/sample-page\/carton-de-luy-junio24\/'><img loading=\"lazy\" decoding=\"async\" width=\"150\" height=\"150\" src=\"https:\/\/somos-hermanos.mx\/wp-content\/uploads\/2025\/08\/carton-de-luy-junio24-150x150.jpeg\" class=\"attachment-thumbnail size-thumbnail\" alt=\"\" \/><\/a>\n\t\t\t<\/div><\/figure><figure class='gallery-item'>\n\t\t\t<div class='gallery-icon landscape'>\n\t\t\t\t<a href='https:\/\/somos-hermanos.mx\/index.php\/sample-page\/carton-de-luy-junio22\/'><img loading=\"lazy\" decoding=\"async\" width=\"150\" height=\"150\" src=\"https:\/\/somos-hermanos.mx\/wp-content\/uploads\/2025\/08\/carton-de-luy-junio22-150x150.jpeg\" class=\"attachment-thumbnail size-thumbnail\" alt=\"\" \/><\/a>\n\t\t\t<\/div><\/figure><figure class='gallery-item'>\n\t\t\t<div class='gallery-icon portrait'>\n\t\t\t\t<a href='https:\/\/somos-hermanos.mx\/index.php\/sample-page\/carton-de-luy-febrero23-somos-hermanos\/'><img loading=\"lazy\" decoding=\"async\" width=\"150\" height=\"150\" src=\"https:\/\/somos-hermanos.mx\/wp-content\/uploads\/2025\/08\/carton-de-luy-febrero23-somos-hermanos-150x150.jpeg\" class=\"attachment-thumbnail size-thumbnail\" alt=\"\" \/><\/a>\n\t\t\t<\/div><\/figure><figure class='gallery-item'>\n\t\t\t<div class='gallery-icon portrait'>\n\t\t\t\t<a href='https:\/\/somos-hermanos.mx\/index.php\/sample-page\/carton-de-luy-enero23-somos-hermanos\/'><img loading=\"lazy\" decoding=\"async\" width=\"150\" height=\"150\" src=\"https:\/\/somos-hermanos.mx\/wp-content\/uploads\/2025\/08\/carton-de-luy-enero23-somos-hermanos-150x150.jpeg\" class=\"attachment-thumbnail size-thumbnail\" alt=\"\" \/><\/a>\n\t\t\t<\/div><\/figure><figure class='gallery-item'>\n\t\t\t<div class='gallery-icon landscape'>\n\t\t\t\t<a href='https:\/\/somos-hermanos.mx\/index.php\/sample-page\/carton-de-luy-agosto\/'><img loading=\"lazy\" decoding=\"async\" width=\"150\" height=\"150\" src=\"https:\/\/somos-hermanos.mx\/wp-content\/uploads\/2025\/08\/carton-de-luy-agosto-150x150.jpeg\" class=\"attachment-thumbnail size-thumbnail\" alt=\"\" srcset=\"https:\/\/somos-hermanos.mx\/wp-content\/uploads\/2025\/08\/carton-de-luy-agosto-150x150.jpeg 150w, https:\/\/somos-hermanos.mx\/wp-content\/uploads\/2025\/08\/carton-de-luy-agosto-300x298.jpeg 300w, https:\/\/somos-hermanos.mx\/wp-content\/uploads\/2025\/08\/carton-de-luy-agosto-1024x1018.jpeg 1024w, https:\/\/somos-hermanos.mx\/wp-content\/uploads\/2025\/08\/carton-de-luy-agosto-768x763.jpeg 768w, https:\/\/somos-hermanos.mx\/wp-content\/uploads\/2025\/08\/carton-de-luy-agosto.jpeg 1280w\" sizes=\"auto, (max-width: 150px) 100vw, 150px\" \/><\/a>\n\t\t\t<\/div><\/figure>\n\t\t<\/div>\n\n","protected":false},"excerpt":{"rendered":"<p>En el mes de la patria el grito por nuestra naci\u00f3n se pone muy en lo alto, La boca abierta de los mexicanos expresa en su interior el amor por nuestra bandera y frente a ella suena la campana de la Libertad Hoy en dia las guerras en el mundo se han prolongado m\u00e1s all\u00e1 [&hellip;]<\/p>\n","protected":false},"author":1,"featured_media":0,"parent":0,"menu_order":0,"comment_status":"closed","ping_status":"closed","template":"","meta":{"footnotes":""},"class_list":["post-2","page","type-page","status-publish","hentry"],"yoast_head":"<!-- This site is optimized with the Yoast SEO plugin v28.4 - https:\/\/yoast.com\/product\/yoast-seo-wordpress\/ -->\n<title>LUY caricaturista - Historias que inspiran...<\/title>\n<meta name=\"robots\" content=\"index, follow, max-snippet:-1, max-image-preview:large, max-video-preview:-1\" \/>\n<link rel=\"canonical\" href=\"https:\/\/somos-hermanos.mx\/index.php\/sample-page\/\" \/>\n<meta property=\"og:locale\" content=\"es_MX\" \/>\n<meta property=\"og:type\" content=\"article\" \/>\n<meta property=\"og:title\" content=\"LUY caricaturista - Historias que inspiran...\" \/>\n<meta property=\"og:description\" content=\"En el mes de la patria el grito por nuestra naci\u00f3n se pone muy en lo alto, La boca abierta de los mexicanos expresa en su interior el amor por nuestra bandera y frente a ella suena la campana de la Libertad Hoy en dia las guerras en el mundo se han prolongado m\u00e1s all\u00e1 [&hellip;]\" \/>\n<meta property=\"og:url\" content=\"https:\/\/somos-hermanos.mx\/index.php\/sample-page\/\" \/>\n<meta property=\"og:site_name\" content=\"Historias que inspiran...\" \/>\n<meta property=\"article:publisher\" content=\"https:\/\/www.facebook.com\/SomosHermanosIAP\/\" \/>\n<meta property=\"article:modified_time\" content=\"2026-09-01T19:21:45+00:00\" \/>\n<meta property=\"og:image\" content=\"https:\/\/somos-hermanos.mx\/wp-content\/uploads\/2026\/04\/Mes-del-nino-de-todo-corazon-luy-150x150.jpeg\" \/>\n<meta name=\"twitter:card\" content=\"summary_large_image\" \/>\n<meta name=\"twitter:site\" content=\"@Somos__Hermanos\" \/>\n<meta name=\"twitter:label1\" content=\"Tiempo de lectura\" \/>\n\t<meta name=\"twitter:data1\" content=\"3 minutos\" \/>\n<script type=\"application\/ld+json\" class=\"yoast-schema-graph\">{\"@context\":\"https:\\\/\\\/schema.org\",\"@graph\":[{\"@type\":\"WebPage\",\"@id\":\"https:\\\/\\\/somos-hermanos.mx\\\/index.php\\\/sample-page\\\/\",\"url\":\"https:\\\/\\\/somos-hermanos.mx\\\/index.php\\\/sample-page\\\/\",\"name\":\"LUY caricaturista - Historias que inspiran...\",\"isPartOf\":{\"@id\":\"https:\\\/\\\/somos-hermanos.mx\\\/#website\"},\"primaryImageOfPage\":{\"@id\":\"https:\\\/\\\/somos-hermanos.mx\\\/index.php\\\/sample-page\\\/#primaryimage\"},\"image\":{\"@id\":\"https:\\\/\\\/somos-hermanos.mx\\\/index.php\\\/sample-page\\\/#primaryimage\"},\"thumbnailUrl\":\"https:\\\/\\\/somos-hermanos.mx\\\/wp-content\\\/uploads\\\/2026\\\/09\\\/WhatsApp-Image-2026-09-01-at-11.46.34-AM-197x300.jpeg\",\"datePublished\":\"2025-08-01T01:51:40+00:00\",\"dateModified\":\"2026-09-01T19:21:45+00:00\",\"breadcrumb\":{\"@id\":\"https:\\\/\\\/somos-hermanos.mx\\\/index.php\\\/sample-page\\\/#breadcrumb\"},\"inLanguage\":\"es\",\"potentialAction\":[{\"@type\":\"ReadAction\",\"target\":[\"https:\\\/\\\/somos-hermanos.mx\\\/index.php\\\/sample-page\\\/\"]}]},{\"@type\":\"ImageObject\",\"inLanguage\":\"es\",\"@id\":\"https:\\\/\\\/somos-hermanos.mx\\\/index.php\\\/sample-page\\\/#primaryimage\",\"url\":\"https:\\\/\\\/somos-hermanos.mx\\\/wp-content\\\/uploads\\\/2026\\\/09\\\/WhatsApp-Image-2026-09-01-at-11.46.34-AM.jpeg\",\"contentUrl\":\"https:\\\/\\\/somos-hermanos.mx\\\/wp-content\\\/uploads\\\/2026\\\/09\\\/WhatsApp-Image-2026-09-01-at-11.46.34-AM.jpeg\",\"width\":1036,\"height\":1581},{\"@type\":\"BreadcrumbList\",\"@id\":\"https:\\\/\\\/somos-hermanos.mx\\\/index.php\\\/sample-page\\\/#breadcrumb\",\"itemListElement\":[{\"@type\":\"ListItem\",\"position\":1,\"name\":\"Inicio\",\"item\":\"https:\\\/\\\/somos-hermanos.mx\\\/\"},{\"@type\":\"ListItem\",\"position\":2,\"name\":\"LUY caricaturista\"}]},{\"@type\":\"WebSite\",\"@id\":\"https:\\\/\\\/somos-hermanos.mx\\\/#website\",\"url\":\"https:\\\/\\\/somos-hermanos.mx\\\/\",\"name\":\"Historias que inspiran...\",\"description\":\"Somos la voz del altruismo en M\u00e9xico\",\"publisher\":{\"@id\":\"https:\\\/\\\/somos-hermanos.mx\\\/#organization\"},\"potentialAction\":[{\"@type\":\"SearchAction\",\"target\":{\"@type\":\"EntryPoint\",\"urlTemplate\":\"https:\\\/\\\/somos-hermanos.mx\\\/?s={search_term_string}\"},\"query-input\":{\"@type\":\"PropertyValueSpecification\",\"valueRequired\":true,\"valueName\":\"search_term_string\"}}],\"inLanguage\":\"es\"},{\"@type\":\"Organization\",\"@id\":\"https:\\\/\\\/somos-hermanos.mx\\\/#organization\",\"name\":\"Somos Hermanos\",\"url\":\"https:\\\/\\\/somos-hermanos.mx\\\/\",\"logo\":{\"@type\":\"ImageObject\",\"inLanguage\":\"es\",\"@id\":\"https:\\\/\\\/somos-hermanos.mx\\\/#\\\/schema\\\/logo\\\/image\\\/\",\"url\":\"https:\\\/\\\/somos-hermanos.mx\\\/wp-content\\\/uploads\\\/2025\\\/08\\\/SH30-1.jpeg\",\"contentUrl\":\"https:\\\/\\\/somos-hermanos.mx\\\/wp-content\\\/uploads\\\/2025\\\/08\\\/SH30-1.jpeg\",\"width\":1600,\"height\":1142,\"caption\":\"Somos Hermanos\"},\"image\":{\"@id\":\"https:\\\/\\\/somos-hermanos.mx\\\/#\\\/schema\\\/logo\\\/image\\\/\"},\"sameAs\":[\"https:\\\/\\\/www.facebook.com\\\/SomosHermanosIAP\\\/\",\"https:\\\/\\\/x.com\\\/Somos__Hermanos\",\"https:\\\/\\\/www.instagram.com\\\/somos__hermanos\\\/#\",\"https:\\\/\\\/www.tiktok.com\\\/@somoshermanosiap\",\"https:\\\/\\\/www.youtube.com\\\/@somoshermanosiap1201\\\/videos\"]}]}<\/script>\n<!-- \/ Yoast SEO plugin. -->","yoast_head_json":{"title":"LUY caricaturista - Historias que inspiran...","robots":{"index":"index","follow":"follow","max-snippet":"max-snippet:-1","max-image-preview":"max-image-preview:large","max-video-preview":"max-video-preview:-1"},"canonical":"https:\/\/somos-hermanos.mx\/index.php\/sample-page\/","og_locale":"es_MX","og_type":"article","og_title":"LUY caricaturista - Historias que inspiran...","og_description":"En el mes de la patria el grito por nuestra naci\u00f3n se pone muy en lo alto, La boca abierta de los mexicanos expresa en su interior el amor por nuestra bandera y frente a ella suena la campana de la Libertad Hoy en dia las guerras en el mundo se han prolongado m\u00e1s all\u00e1 [&hellip;]","og_url":"https:\/\/somos-hermanos.mx\/index.php\/sample-page\/","og_site_name":"Historias que inspiran...","article_publisher":"https:\/\/www.facebook.com\/SomosHermanosIAP\/","article_modified_time":"2026-09-01T19:21:45+00:00","og_image":[{"url":"https:\/\/somos-hermanos.mx\/wp-content\/uploads\/2026\/04\/Mes-del-nino-de-todo-corazon-luy-150x150.jpeg","type":"","width":"","height":""}],"twitter_card":"summary_large_image","twitter_site":"@Somos__Hermanos","twitter_misc":{"Tiempo de lectura":"3 minutos"},"schema":{"@context":"https:\/\/schema.org","@graph":[{"@type":"WebPage","@id":"https:\/\/somos-hermanos.mx\/index.php\/sample-page\/","url":"https:\/\/somos-hermanos.mx\/index.php\/sample-page\/","name":"LUY caricaturista - Historias que inspiran...","isPartOf":{"@id":"https:\/\/somos-hermanos.mx\/#website"},"primaryImageOfPage":{"@id":"https:\/\/somos-hermanos.mx\/index.php\/sample-page\/#primaryimage"},"image":{"@id":"https:\/\/somos-hermanos.mx\/index.php\/sample-page\/#primaryimage"},"thumbnailUrl":"https:\/\/somos-hermanos.mx\/wp-content\/uploads\/2026\/09\/WhatsApp-Image-2026-09-01-at-11.46.34-AM-197x300.jpeg","datePublished":"2025-08-01T01:51:40+00:00","dateModified":"2026-09-01T19:21:45+00:00","breadcrumb":{"@id":"https:\/\/somos-hermanos.mx\/index.php\/sample-page\/#breadcrumb"},"inLanguage":"es","potentialAction":[{"@type":"ReadAction","target":["https:\/\/somos-hermanos.mx\/index.php\/sample-page\/"]}]},{"@type":"ImageObject","inLanguage":"es","@id":"https:\/\/somos-hermanos.mx\/index.php\/sample-page\/#primaryimage","url":"https:\/\/somos-hermanos.mx\/wp-content\/uploads\/2026\/09\/WhatsApp-Image-2026-09-01-at-11.46.34-AM.jpeg","contentUrl":"https:\/\/somos-hermanos.mx\/wp-content\/uploads\/2026\/09\/WhatsApp-Image-2026-09-01-at-11.46.34-AM.jpeg","width":1036,"height":1581},{"@type":"BreadcrumbList","@id":"https:\/\/somos-hermanos.mx\/index.php\/sample-page\/#breadcrumb","itemListElement":[{"@type":"ListItem","position":1,"name":"Inicio","item":"https:\/\/somos-hermanos.mx\/"},{"@type":"ListItem","position":2,"name":"LUY caricaturista"}]},{"@type":"WebSite","@id":"https:\/\/somos-hermanos.mx\/#website","url":"https:\/\/somos-hermanos.mx\/","name":"Historias que inspiran...","description":"Somos la voz del altruismo en M\u00e9xico","publisher":{"@id":"https:\/\/somos-hermanos.mx\/#organization"},"potentialAction":[{"@type":"SearchAction","target":{"@type":"EntryPoint","urlTemplate":"https:\/\/somos-hermanos.mx\/?s={search_term_string}"},"query-input":{"@type":"PropertyValueSpecification","valueRequired":true,"valueName":"search_term_string"}}],"inLanguage":"es"},{"@type":"Organization","@id":"https:\/\/somos-hermanos.mx\/#organization","name":"Somos Hermanos","url":"https:\/\/somos-hermanos.mx\/","logo":{"@type":"ImageObject","inLanguage":"es","@id":"https:\/\/somos-hermanos.mx\/#\/schema\/logo\/image\/","url":"https:\/\/somos-hermanos.mx\/wp-content\/uploads\/2025\/08\/SH30-1.jpeg","contentUrl":"https:\/\/somos-hermanos.mx\/wp-content\/uploads\/2025\/08\/SH30-1.jpeg","width":1600,"height":1142,"caption":"Somos Hermanos"},"image":{"@id":"https:\/\/somos-hermanos.mx\/#\/schema\/logo\/image\/"},"sameAs":["https:\/\/www.facebook.com\/SomosHermanosIAP\/","https:\/\/x.com\/Somos__Hermanos","https:\/\/www.instagram.com\/somos__hermanos\/#","https:\/\/www.tiktok.com\/@somoshermanosiap","https:\/\/www.youtube.com\/@somoshermanosiap1201\/videos"]}]}},"_links":{"self":[{"href":"https:\/\/somos-hermanos.mx\/index.php\/wp-json\/wp\/v2\/pages\/2","targetHints":{"allow":["GET"]}}],"collection":[{"href":"https:\/\/somos-hermanos.mx\/index.php\/wp-json\/wp\/v2\/pages"}],"about":[{"href":"https:\/\/somos-hermanos.mx\/index.php\/wp-json\/wp\/v2\/types\/page"}],"author":[{"embeddable":true,"href":"https:\/\/somos-hermanos.mx\/index.php\/wp-json\/wp\/v2\/users\/1"}],"replies":[{"embeddable":true,"href":"https:\/\/somos-hermanos.mx\/index.php\/wp-json\/wp\/v2\/comments?post=2"}],"version-history":[{"count":15,"href":"https:\/\/somos-hermanos.mx\/index.php\/wp-json\/wp\/v2\/pages\/2\/revisions"}],"predecessor-version":[{"id":4336,"href":"https:\/\/somos-hermanos.mx\/index.php\/wp-json\/wp\/v2\/pages\/2\/revisions\/4336"}],"wp:attachment":[{"href":"https:\/\/somos-hermanos.mx\/index.php\/wp-json\/wp\/v2\/media?parent=2"}],"curies":[{"name":"wp","href":"https:\/\/api.w.org\/{rel}","templated":true}]}}