{"version":"1.0","provider_name":"Historias que inspiran...","provider_url":"https:\/\/somos-hermanos.mx","author_name":"Daniela Ramirez Andrade","author_url":"https:\/\/somos-hermanos.mx\/index.php\/author\/daniela-ramirez-andrade\/","title":"Para verte bien lleg\u00f3 a Colima - Historias que inspiran...","type":"rich","width":600,"height":338,"html":"<blockquote class=\"wp-embedded-content\" data-secret=\"fj6sfdswLj\"><a href=\"https:\/\/somos-hermanos.mx\/index.php\/2025\/08\/04\/para-verte-bien-llego-a-colima\/\">Para verte bien lleg\u00f3 a Colima<\/a><\/blockquote><iframe sandbox=\"allow-scripts\" security=\"restricted\" src=\"https:\/\/somos-hermanos.mx\/index.php\/2025\/08\/04\/para-verte-bien-llego-a-colima\/embed\/#?secret=fj6sfdswLj\" width=\"600\" height=\"338\" title=\"&#8220;Para verte bien lleg\u00f3 a Colima&#8221; &#8212; Historias que inspiran...\" data-secret=\"fj6sfdswLj\" frameborder=\"0\" marginwidth=\"0\" marginheight=\"0\" scrolling=\"no\" class=\"wp-embedded-content\"><\/iframe><script>\n\/*! This file is auto-generated *\/\n!function(d,l){\"use strict\";l.querySelector&&d.addEventListener&&\"undefined\"!=typeof URL&&(d.wp=d.wp||{},d.wp.receiveEmbedMessage||(d.wp.receiveEmbedMessage=function(e){var t=e.data;if((t||t.secret||t.message||t.value)&&!\/[^a-zA-Z0-9]\/.test(t.secret)){for(var s,r,n,a=l.querySelectorAll('iframe[data-secret=\"'+t.secret+'\"]'),o=l.querySelectorAll('blockquote[data-secret=\"'+t.secret+'\"]'),c=new RegExp(\"^https?:$\",\"i\"),i=0;i<o.length;i++)o[i].style.display=\"none\";for(i=0;i<a.length;i++)s=a[i],e.source===s.contentWindow&&(s.removeAttribute(\"style\"),\"height\"===t.message?(1e3<(r=parseInt(t.value,10))?r=1e3:~~r<200&&(r=200),s.height=r):\"link\"===t.message&&(r=new URL(s.getAttribute(\"src\")),n=new URL(t.value),c.test(n.protocol))&&n.host===r.host&&l.activeElement===s&&(d.top.location.href=t.value))}},d.addEventListener(\"message\",d.wp.receiveEmbedMessage,!1),l.addEventListener(\"DOMContentLoaded\",function(){for(var e,t,s=l.querySelectorAll(\"iframe.wp-embedded-content\"),r=0;r<s.length;r++)(t=(e=s[r]).getAttribute(\"data-secret\"))||(t=Math.random().toString(36).substring(2,12),e.src+=\"#?secret=\"+t,e.setAttribute(\"data-secret\",t)),e.contentWindow.postMessage({message:\"ready\",secret:t},\"*\")},!1)))}(window,document);\n\/\/# sourceURL=https:\/\/somos-hermanos.mx\/wp-includes\/js\/wp-embed.min.js\n<\/script>\n","thumbnail_url":"https:\/\/somos-hermanos.mx\/wp-content\/uploads\/2025\/08\/cima.jpeg","thumbnail_width":1280,"thumbnail_height":853,"description":"La Fundaci\u00f3n Cimarr\u00f3n AC y el Sistema para el Desarrollo Integral de la Familia (DIF) Colima formalizaron una alianza estrat\u00e9gica para implementar en la entidad el programa \u201cPara Verte Bien\u201d, el cual tiene como objetivo atender las necesidades visuales de la ni\u00f1ez colimense mediante la entrega gratuita de 500 lentes correctivos a ni\u00f1as y ni\u00f1os [&hellip;]"}